{"id":543,"date":"2020-01-26T10:27:00","date_gmt":"2020-01-26T10:27:00","guid":{"rendered":"https:\/\/geschichtswerkstatt-degerloch.de\/?page_id=543"},"modified":"2025-03-21T20:47:35","modified_gmt":"2025-03-21T20:47:35","slug":"historischer-rundgang","status":"publish","type":"page","link":"https:\/\/geschichtswerkstatt-degerloch.de\/aktuelles\/historischer-rundgang","title":{"rendered":"Historischer Rundgang"},"content":{"rendered":"<p>Der Spaziergang durch den alten Dorfkern zeigt Ihnen 36 Stationen und eine F\u00fclle weiterer Entdeckungen. Sie kommen an ehemaligen Bauern-, Handwerker-, Weing\u00e4rtner- und Wirtsh\u00e4usern vorbei und Degerlocher Pers\u00f6nlichkeiten wie Theodor Heuss, Ida Kerkovius und Helene Pfleiderer begegnen Ihnen bei dem Gang durch die Ortsgeschichte.<br \/>\n<em>Hinweis: Der gedruckte Plan ist an den \u00d6ffnungstagen bei der Geschichtswerkstatt Degerloch, Gro\u00dfe Falterstr. 4 erh\u00e4ltlich<\/em><\/p>\n<p>Wir w\u00fcnschen viel Vergn\u00fcgen!<\/p>\n<p><a href=\"https:\/\/geschichtswerkstatt-degerloch.de\/wp-content\/uploads\/2020\/02\/HP_Plan.jpg\" target=\"_blank\" rel=\"noopener\"><strong>=&gt; \u00dcbersichtsplan<\/strong><\/a><\/p>\n<p>Die einzelnen Stationen:<\/p>\n<p>01 <a href=\"https:\/\/geschichtswerkstatt-degerloch.de\/wp-content\/uploads\/2020\/02\/HP_01.jpg\" target=\"_blank\" rel=\"noopener\">Bezirksrathaus, Gro\u00dfe Falterstr. 2<\/a><\/p>\n<p>02 <a href=\"https:\/\/geschichtswerkstatt-degerloch.de\/wp-content\/uploads\/2020\/02\/HP_02.jpg\" target=\"_blank\" rel=\"noopener\">Weing\u00e4rtnerhaus, Gro\u00dfe Falterstr. 5 und 5A<\/a><\/p>\n<p>03 <a href=\"https:\/\/geschichtswerkstatt-degerloch.de\/wp-content\/uploads\/2020\/02\/HP_03.jpg\" target=\"_blank\" rel=\"noopener\">Altes Pfarrhaus, Gro\u00dfe Falterstr. 4<\/a><\/p>\n<p>04 <a href=\"https:\/\/geschichtswerkstatt-degerloch.de\/wp-content\/uploads\/2020\/02\/HP_04.jpg\" target=\"_blank\" rel=\"noopener\">Helene-Pfleiderer-Haus, Gro\u00dfe Falterstr. 6<\/a><\/p>\n<p>05 <a href=\"https:\/\/geschichtswerkstatt-degerloch.de\/wp-content\/uploads\/2020\/02\/HP_05.jpg\" target=\"_blank\" rel=\"noopener\">Alte Scheuer, Gro\u00dfe Falterstr. 6A<\/a><\/p>\n<p>06 <a href=\"https:\/\/geschichtswerkstatt-degerloch.de\/wp-content\/uploads\/2020\/02\/HP_06.jpg\" target=\"_blank\" rel=\"noopener\">Filderschule, Leinfeldener Str. 61<\/a><\/p>\n<p>07 <a href=\"https:\/\/geschichtswerkstatt-degerloch.de\/wp-content\/uploads\/2020\/02\/HP_07.jpg\" target=\"_blank\" rel=\"noopener\">Farrenstall, Leinfeldener Str. 57<\/a><\/p>\n<p>08 <a href=\"https:\/\/geschichtswerkstatt-degerloch.de\/wp-content\/uploads\/2020\/02\/HP_08.jpg\" target=\"_blank\" rel=\"noopener\">Alte Schulen, Gro\u00dfe Falterstr. 18, 20 und 21<\/a><\/p>\n<p>09 <a href=\"https:\/\/geschichtswerkstatt-degerloch.de\/hp_09\" target=\"_blank\" rel=\"noopener\">Michaelskirche<\/a><\/p>\n<p>10 <a href=\"https:\/\/geschichtswerkstatt-degerloch.de\/wp-content\/uploads\/2020\/02\/HP_10.jpg\" target=\"_blank\" rel=\"noopener\">Raffsche Scheuer,Karl-Pfaff-Str. 4<\/a><\/p>\n<p>11 <a href=\"https:\/\/geschichtswerkstatt-degerloch.de\/wp-content\/uploads\/2020\/02\/HP_11.jpg\" target=\"_blank\" rel=\"noopener\">Handwerkerhaus, Kleine Falterstr. 12<\/a><\/p>\n<p>12 <a href=\"https:\/\/geschichtswerkstatt-degerloch.de\/wp-content\/uploads\/2020\/02\/HP_12.jpg\" target=\"_blank\" rel=\"noopener\">Benger-Haus, Kleine Falterstr. 5A und 5B<\/a><\/p>\n<p>13 <a href=\"https:\/\/geschichtswerkstatt-degerloch.de\/wp-content\/uploads\/2020\/02\/HP_13.jpg\" target=\"_blank\" rel=\"noopener\">Weing\u00e4rtnerhaus, Karl-Pfaff-Str. 7A<\/a><\/p>\n<p>14 <a href=\"https:\/\/geschichtswerkstatt-degerloch.de\/wp-content\/uploads\/2020\/02\/HP_14.jpg\" target=\"_blank\" rel=\"noopener\">Weing\u00e4rtnerhaus, Mittlere Str. 29<\/a><\/p>\n<p>15 <a href=\"https:\/\/geschichtswerkstatt-degerloch.de\/wp-content\/uploads\/2020\/02\/HP_15.jpg\" target=\"_blank\" rel=\"noopener\">B\u00fcrgerhaus, Karl-Pfaff-Str. 21<\/a><\/p>\n<p>16 <a href=\"https:\/\/geschichtswerkstatt-degerloch.de\/wp-content\/uploads\/2020\/02\/HP_16.jpg\" target=\"_blank\" rel=\"noopener\">Gasthaus Linde, Karl-Pfaff-Str. 30<\/a><\/p>\n<p>17 <a href=\"https:\/\/geschichtswerkstatt-degerloch.de\/wp-content\/uploads\/2020\/02\/HP_17.jpg\" target=\"_blank\" rel=\"noopener\">Eugen Kuchers Wohnhaus, L\u00f6wenstr. 83<\/a><\/p>\n<p>18 <a href=\"https:\/\/geschichtswerkstatt-degerloch.de\/wp-content\/uploads\/2020\/02\/HP_18.jpg\" target=\"_blank\" rel=\"noopener\">Heuss-Wohnhaus, L\u00f6wenstr. 86<\/a><\/p>\n<p>19 <a href=\"https:\/\/geschichtswerkstatt-degerloch.de\/wp-content\/uploads\/2020\/02\/HP_19.jpg\" target=\"_blank\" rel=\"noopener\">Gasthaus Adler, Karl-Pfaff-Str. 34<\/a><\/p>\n<p>20 <a href=\"https:\/\/geschichtswerkstatt-degerloch.de\/wp-content\/uploads\/2020\/02\/HP_20.jpg\" target=\"_blank\" rel=\"noopener\">Friedrich Keidels Wohnhaus, Karl-Pfaff-Str. 36<\/a><\/p>\n<p>21 <a href=\"https:\/\/geschichtswerkstatt-degerloch.de\/wp-content\/uploads\/2020\/02\/HP_21.jpg\" target=\"_blank\" rel=\"noopener\">\u201eReitbau\u201c, Karl-Pfaff-Str. 37 bis 47<\/a><\/p>\n<p>22 <a href=\"https:\/\/geschichtswerkstatt-degerloch.de\/wp-content\/uploads\/2020\/02\/HP_22.jpg\" target=\"_blank\" rel=\"noopener\">Mari\u00e4-Himmelfahrt-Kirche, Karl-Pfaff-Str. 48\/50<\/a><\/p>\n<p>23 <a href=\"https:\/\/geschichtswerkstatt-degerloch.de\/wp-content\/uploads\/2020\/02\/HP_23.jpg\" target=\"_blank\" rel=\"noopener\">Schillerbrunnen, Karl-Pfaff-Str. \/ Ecke Jahnstr.<\/a><\/p>\n<p>24 <a href=\"https:\/\/geschichtswerkstatt-degerloch.de\/wp-content\/uploads\/2020\/02\/HP_24.jpg\" target=\"_blank\" rel=\"noopener\">Alter Friedhof, Jahnstr. 24<\/a><\/p>\n<p>25 <a href=\"https:\/\/geschichtswerkstatt-degerloch.de\/wp-content\/uploads\/2020\/02\/HP_25.jpg\" target=\"_blank\" rel=\"noopener\">Anna Schiebers Wohnhaus, Jahnstr. 23<\/a><\/p>\n<p>26<a href=\"https:\/\/geschichtswerkstatt-degerloch.de\/wp-content\/uploads\/2020\/02\/HP_26.jpg\" target=\"_blank\" rel=\"noopener\"> Ida Kerkovius\u2018 Wohnhaus, N\u00e4gelestr. 5<\/a><\/p>\n<p>27<a href=\"https:\/\/geschichtswerkstatt-degerloch.de\/wp-content\/uploads\/2020\/02\/HP_27.jpg\" target=\"_blank\" rel=\"noopener\"> Villa von Taubenheim, Obere Weinsteige 8<\/a><\/p>\n<p>28 <a href=\"https:\/\/geschichtswerkstatt-degerloch.de\/wp-content\/uploads\/2020\/02\/HP_28.jpg\" target=\"_blank\" rel=\"noopener\">Alter Zahnradbahnhof<\/a><\/p>\n<p>29 <a href=\"https:\/\/geschichtswerkstatt-degerloch.de\/wp-content\/uploads\/2020\/02\/HP_29.jpg\" target=\"_blank\" rel=\"noopener\">Schweizerhaus, Jahnstr. 12<\/a><\/p>\n<p>30 <a href=\"https:\/\/geschichtswerkstatt-degerloch.de\/wp-content\/uploads\/2020\/02\/HP_30.jpg\" target=\"_blank\" rel=\"noopener\">Hans Neuffers Wohnhaus, Epplestr. 1<\/a><\/p>\n<p>31 <a href=\"https:\/\/geschichtswerkstatt-degerloch.de\/wp-content\/uploads\/2020\/02\/HP_31.jpg\" target=\"_blank\" rel=\"noopener\">Gasthaus Ritter, Epplestr. 2<\/a><\/p>\n<p>32 <a href=\"https:\/\/geschichtswerkstatt-degerloch.de\/wp-content\/uploads\/2020\/02\/HP_32.jpg\" target=\"_blank\" rel=\"noopener\">Cafe Klein, Epplestr. 6<\/a><\/p>\n<p>33 <a href=\"https:\/\/geschichtswerkstatt-degerloch.de\/wp-content\/uploads\/2020\/02\/HP_33.jpg\" target=\"_blank\" rel=\"noopener\">Gasth\u00e4user Traube und Ochsen, Epplestr. 8 und 9<\/a><\/p>\n<p>34 <a href=\"https:\/\/geschichtswerkstatt-degerloch.de\/wp-content\/uploads\/2020\/02\/HP_31.jpg\" target=\"_blank\" rel=\"noopener\">Alte Schmiede, Epplestr. 20<\/a><\/p>\n<p>35 <a href=\"https:\/\/geschichtswerkstatt-degerloch.de\/wp-content\/uploads\/2020\/02\/HP_35.jpg\" target=\"_blank\" rel=\"noopener\">Gasthaus L\u00f6wen, Epplestr. 19A bis 19D<\/a><\/p>\n<p>36 <a href=\"https:\/\/geschichtswerkstatt-degerloch.de\/wp-content\/uploads\/2020\/02\/HP_36.jpg\" target=\"_blank\" rel=\"noopener\">Handwerkerhaus und Gasthaus Hirsch, Epplestr. 25 und 27<\/a><\/p>\n","protected":false},"excerpt":{"rendered":"<p>Der Spaziergang durch den alten Dorfkern zeigt Ihnen 36 Stationen und eine F\u00fclle weiterer Entdeckungen. Sie kommen an ehemaligen Bauern-, Handwerker-, Weing\u00e4rtner- und Wirtsh\u00e4usern vorbei und Degerlocher Pers\u00f6nlichkeiten wie Theodor Heuss, Ida Kerkovius und Helene Pfleiderer begegnen Ihnen bei dem Gang durch die Ortsgeschichte. Hinweis: Der gedruckte Plan ist an den \u00d6ffnungstagen bei der Geschichtswerkstatt Degerloch, Gro\u00dfe Falterstr. 4 erh\u00e4ltlich Wir w\u00fcnschen viel Vergn\u00fcgen! =&gt; \u00dcbersichtsplan Die einzelnen Stationen: 01&hellip;<\/p>\n","protected":false},"author":1,"featured_media":0,"parent":0,"menu_order":0,"comment_status":"closed","ping_status":"closed","template":"","meta":{"footnotes":""},"class_list":["post-543","page","type-page","status-publish","hentry","no-post-thumbnail"],"_links":{"self":[{"href":"https:\/\/geschichtswerkstatt-degerloch.de\/aktuelles\/wp-json\/wp\/v2\/pages\/543","targetHints":{"allow":["GET"]}}],"collection":[{"href":"https:\/\/geschichtswerkstatt-degerloch.de\/aktuelles\/wp-json\/wp\/v2\/pages"}],"about":[{"href":"https:\/\/geschichtswerkstatt-degerloch.de\/aktuelles\/wp-json\/wp\/v2\/types\/page"}],"author":[{"embeddable":true,"href":"https:\/\/geschichtswerkstatt-degerloch.de\/aktuelles\/wp-json\/wp\/v2\/users\/1"}],"replies":[{"embeddable":true,"href":"https:\/\/geschichtswerkstatt-degerloch.de\/aktuelles\/wp-json\/wp\/v2\/comments?post=543"}],"version-history":[{"count":13,"href":"https:\/\/geschichtswerkstatt-degerloch.de\/aktuelles\/wp-json\/wp\/v2\/pages\/543\/revisions"}],"predecessor-version":[{"id":1760,"href":"https:\/\/geschichtswerkstatt-degerloch.de\/aktuelles\/wp-json\/wp\/v2\/pages\/543\/revisions\/1760"}],"wp:attachment":[{"href":"https:\/\/geschichtswerkstatt-degerloch.de\/aktuelles\/wp-json\/wp\/v2\/media?parent=543"}],"curies":[{"name":"wp","href":"https:\/\/api.w.org\/{rel}","templated":true}]}}