{"id":1575,"date":"2024-11-15T19:13:42","date_gmt":"2024-11-15T19:13:42","guid":{"rendered":"https:\/\/geschichtswerkstatt-degerloch.de\/aktuelles\/?page_id=1575"},"modified":"2025-10-27T10:32:02","modified_gmt":"2025-10-27T10:32:02","slug":"rueckblick","status":"publish","type":"page","link":"https:\/\/geschichtswerkstatt-degerloch.de\/aktuelles\/rueckblick","title":{"rendered":"R\u00fcckblick"},"content":{"rendered":"\n<p><\/p>\n\n\n<h3><span style=\"font-size: 18pt;\">Unsere Veranstaltungen in den letzten Monaten<\/span><\/h3>\n<p><strong>_____________________________________________________________________________<\/strong><\/p>\n<h3><strong><span style=\"color: #b31212;\">25.10.2025, 15:00 &#8211;\u00a0 Gedenkstein f\u00fcr Jerg Ratgeb<\/span><\/strong><strong><span style=\"color: #b31212;\">. K\u00fcnstlergesspr\u00e4ch mit Uli Gsell\u00a0<\/span><\/strong><\/h3>\n<p><a href=\"https:\/\/www.youtube.com\/watch?v=j6Jmdte1F1M\">Video dazu.<\/a><\/p>\n<p><strong><span style=\"color: #b31212;\">Rundgang im Rahmen des &#8222;Monats der Stadtgeschichte&#8220; der\u00a0<a href=\"https:\/\/ags-s.de\">AgS<\/a>.\u00a0<\/span><\/strong><\/p>\n<p>Kanzler Jerg Ratgeb versammelte das Bauernheer am 4. Mai 1525 in \u201eTegerloch ob Stuttgarten\u201c, von wo es am 7. Mai nach Herrenberg und schlie\u00dflich B\u00f6blingen abr\u00fcckte. Dort erlitt es am 12. Mai seine v\u00f6llige Vernichtung durch die S\u00f6ldner des Truchsess von Waldburg. Zur Erinnerung an dieses welthistorische Ereignis und zur W\u00fcrdigung Jerg Ratgebs schuf der Bildhauer Uli Gsell im Auftrag des Degerlocher Historikers Dr. Gerhard Raff diesen Gedenkstein; er wurde am 4. Mai 2025 am historischen Ort im Ramsbachtal enth\u00fcllt. Uli Gsell hat sein Werk erl\u00e4utert.<\/p>\n<p>Weitere Informationen <a href=\"https:\/\/geschichtswerkstatt-degerloch.de\/aktuelles\/bauernkrieg\">hier<\/a>.<\/p>\n<p><strong>_____________________________________________________________________________<\/strong><\/p>\n<h3><strong><span style=\"color: #b31212;\">19.10.2025, 14:00 bis 16:00 Uhr &#8211;\u00a0 Skulpturen auf dem Waldfriedhof. <\/span><\/strong><strong><span style=\"color: #b31212;\">F\u00fchrung mit Bertram Maurer (GWD) und Hagen M\u00fcller (Geschichtswerkstatt S\u00fcd e. V.)<\/span><\/strong><\/h3>\n<p><strong><span style=\"color: #b31212;\">Rundgang im Rahmen des &#8222;Monats der Stadtgeschichte&#8220; der\u00a0<a href=\"https:\/\/ags-s.de\">AgS<\/a>.\u00a0<\/span><\/strong><\/p>\n<p>Am Beispiel der \u201eJungfrau mit den Tr\u00e4nenschalen\u201c und weiterer Arbeiten wird die die k\u00fcnstlerische Entwicklung des Bildhauers Josef Zeitler gezeigt.<br \/>Der ehemalige Akademiedirektor Fritz von Graevenitz bewies Netzwerk- und Vermarktungsgeschick bei der Platzierung seiner \u201eMutter Heimat\u201c.<br \/>An der Vorgeschichte von Eva Zippels \u201eMahnmal f\u00fcr die Toten des zweiten Weltkriegs\u201c und an mehreren anderen Kunstwerken zeigen sich die Probleme und der Wandel der Erinnerungskultur deutlich.<\/p>\n<p><strong>_____________________________________________________________________________<\/strong><\/p>\n<h3><strong><span style=\"color: #b31212;\">18.10.2025, 15:00 bis 16:30 Uhr &#8211;\u00a0 <\/span><\/strong><strong><span style=\"color: #b31212;\">Tatort Degerloch. K\u00fcnstlergespr\u00e4ch mit Wolfgang Thiel\u00a0<\/span><\/strong><\/h3>\n<p><a href=\"https:\/\/www.youtube.com\/watch?v=Mwc9_UrUb7E\">Video dazu.<\/a><\/p>\n<p><strong><span style=\"color: #b31212;\">Rundgang im Rahmen des &#8222;Monats der Stadtgeschichte&#8220; der\u00a0<a href=\"https:\/\/ags-s.de\">AgS.<\/a><\/span><\/strong><\/p>\n<p>Begehung des Thielschen Reviers am Albplatz<br \/>\u2022 An jedem der drei Eing\u00e4nge zur Stadtbahn in Degerloch steht am Albplatz eine \u00fcberlebensgro\u00dfe keramische Skulptur des K\u00fcnstlers Wolfgang Thiel.<br \/>\u2022 1984 gab es einen Wettbewerb bei welchem sieben Bildhauerinnen und Bildhauer eingeladen wurden. von den Auslobern war eine Skulptur erw\u00fcnscht, die eine Degerlocher Legende illustrieren sollte.<br \/>\u2022 Thiel machte legend\u00e4res daraus.<br \/>\u2022 Fast 40 Jahre stehen sie nun.<br \/>\u2022 Weshalb, wie und warum das daraus wurde, hat der Autor uns daselbst erz\u00e4hlt, mit Skizzen, Pl\u00e4nen, Modellen.<\/p>\n<h3><span style=\"font-size: 12pt;\"><strong>___________________________________________________________________<\/strong><\/span><\/h3>\n<h3><strong><span style=\"color: #b31212;\">05.10.2025, 11:00 bis 13:00 Uhr &#8211;\u00a0 <\/span><\/strong><strong><span style=\"color: #b31212;\">Stadt der W\u00fcrfel. Rundgang mit Bertram Maurer\u00a0<\/span><\/strong><\/h3>\n<p><strong><span style=\"color: #b31212;\">Rundgang im Rahmen des &#8222;Monats der Stadtgeschichte&#8220; der\u00a0<a href=\"https:\/\/ags-s.de\">AgS<\/a>. Programm aller Rundg\u00e4nge <a href=\"https:\/\/ags-s.de\/wp-content\/uploads\/2025\/08\/Rundgang7.pdf\">hier.<\/a><\/span><\/strong><\/p>\n<p><span style=\"font-size: 12pt;\">In Stuttgart befinden sich etliche Skulpturen, bei denen am Beginn des sch\u00f6pferischen Akts ein W\u00fcrfel stand.<\/span><br \/><span style=\"font-size: 12pt;\">Wir starten beim \u201eMahnmal f\u00fcr die Opfer nationalsozialistischer Gewaltherrschaft (1970) von Elmar Daucher (siehe Abbildung) und enden beim \u201eKubus\u201c (1977) von Hans Dieter Bohnet im Stadtgarten. <\/span><span style=\"font-size: 12pt;\">Der Blick f\u00e4llt unterwegs auch auf manche w\u00fcrfelf\u00f6rmige Stadtm\u00f6blierung.\u00a0<\/span><\/p>\n<p>\u00dcbrigens Degerloch besitzt auch eine Plastik von Elmar Daucher, sie steht vor der <strong>Vers\u00f6hnungskirche<\/strong>.<\/p>\n<h3><span style=\"font-size: 12pt;\"><strong>___________________________________________________________________<\/strong><\/span><\/h3>\n<h3><strong><span style=\"color: #b31212;\">25.09.2025, 19:00 Uhr\u00a0 &#8211;\u00a0 <\/span><\/strong><strong><span style=\"color: #b31212;\">Vortrag von Albert Raff\u00a0<\/span><\/strong><\/h3>\n<p><span style=\"font-size: 12pt;\"><strong>Der Degerlocher &#8222;Broadway&#8220; von 1900 bis heute<\/strong><\/span><\/p>\n<h2><span style=\"font-size: 14pt;\"><strong><span style=\"color: #b31212;\">Von der \u201eSchweizer Stra\u00dfe\u201c zur heutigen Epplestra\u00dfe und dem Rathaus<\/span><\/strong><\/span><\/h2>\n<p><strong><a href=\"https:\/\/www.youtube.com\/watch?v=wBBPm4KA4K8\">Video des Vortrags<\/a><\/strong><\/p>\n<p><span style=\"font-size: 12pt;\">in Kooperation mit dem Bezirksamt Degerloch im Sitzungssaal des Bezirksrathauses Degerloch<\/span><\/p>\n<h3><span style=\"font-size: 12pt;\"><strong>______________________________________________________________________________<\/strong><\/span><\/h3>\n<p><span style=\"font-size: 14pt;\"><strong><span style=\"color: #b31212;\">16.09.2025, 19:00 Uhr &#8211; <\/span><\/strong><strong><span style=\"color: #b31212;\">Offener GWD-Treff<\/span><\/strong><\/span><\/p>\n<p><span style=\"font-size: 12pt;\">in der Geschichtswerkstatt Degerloch, Gro\u00dfe Falterstr. 4<br \/>F\u00fcr <\/span><span style=\"font-size: 12pt;\">alle Vereinsmitglieder und alle am Stadtteil interessierten Mitb\u00fcrger*innen<\/span><\/p>\n<p><span style=\"font-size: 12pt;\"><strong><span style=\"color: #b31212;\">Thema dieses Mal: Vorbereitung einer Ausstellung &#8222;Degerlocher Kuriosit\u00e4tenkabinett &#8211; was net jeder vo Degerloch woi\u00df&#8220;<\/span><\/strong><\/span><\/p>\n<p><span style=\"font-size: 12pt;\">&#8230; sowie Austausch von Ideen, Anregungen, Erfahrungen, Vorstellungen und Degerloch-Wissen in geselliger Runde &#8230; ond s&#8217;g\u00e4b au \u00e4bbes zom Drenga, hoi\u00dft&#8217;s &#8230;<\/span><\/p>\n<p><strong>______________________________________________________________________________<\/strong><\/p>\n<p><span style=\"font-size: 14pt;\"><strong><span style=\"color: #b31212;\">20.07.2025, 11:00 Uhr Stolpersteine-Spaziergang in Degerloch <\/span><\/strong><\/span><\/p>\n<p>mit Dr. Bertram Maurer und Anne Roller-Salm<\/p>\n<p><strong>Treffpunkt: Geschichtswerkstatt Degerloch, Gro\u00dfe Falterstra\u00dfe 4, 70597 Stuttgart<\/strong><\/p>\n<p><strong>______________________________________________________________________________<\/strong><\/p>\n<p><span style=\"font-size: 14pt;\"><span style=\"color: #b31212;\"><strong>&#8222;Onser Degerloch&#8220; am 25.6. &#8211; <\/strong><\/span><span style=\"color: #b31212;\"><strong>Offener GWD-Treff f\u00fcr ALLE an Degerloch und seiner Geschichte Interessierten<\/strong><\/span><\/span><\/p>\n<p><span style=\"color: #333333; font-size: 12pt;\">Mittwoch 25.6. um 19 Uhr &#8211; Geschichtswerkstatt im Alten Dekanat, Gro\u00dfe Falterstr. 4<\/span><\/p>\n<p><strong><span style=\"font-size: 14pt;\"><em><span style=\"color: #008000;\">Wer kann Fragen, Ideen, Anregungen, Erfahrungen, Pl\u00e4ne, Vorstellungen, Kuriosit\u00e4ten, Ger\u00fcchte, n\u00fctzliches und unn\u00fctzes Degerloch-Wissen beitragen oder ist daran interessiert?<\/span><\/em><\/span><\/strong><\/p>\n<p><span style=\"color: #333333; font-size: 12pt;\">Austausch mit netten Menschen in geselliger Runde in der Hoffnung, passive Mitglieder zu aktivieren und neue Mitglieder zu gewinnen &#8211; es gibt auch was zu trinken!<\/span><\/p>\n<p><strong>______________________________________________________________________________<\/strong><\/p>\n<p><span style=\"font-size: 14pt;\"><strong><span style=\"color: #b31212;\">01.06.2025 bis 26.06.2025 Ausstellung\u00a0<\/span><\/strong><strong><span style=\"color: #b31212;\">zur NS-Milit\u00e4rjustiz,<\/span><\/strong><\/span><\/p>\n<p><span style=\"color: #b31212;\"><strong>insbesondere zu den Hinrichtungen auf dem Schie\u00dfplatz auf der Dornhalde und in der N\u00e4he des Burgholzhof\u00a0<\/strong><\/span><\/p>\n<p><strong>Bezirksrathaus Bad Cannstatt (Marktplatz (Ca) 2, 70372 Stuttgart), 1. bis 2. Obergeschoss\u00a0\u00a0<\/strong><br \/>In Zusammenarbeit mit dem Hotel-Silber-Verein und den AnStiftern<br \/><strong><span style=\"color: #b31212;\">05.06.2025, 18:00 Uhr Er\u00f6ffnungsveranstaltung im Bezirksrathaus Bad Cannstatt<\/span><\/strong><\/p>\n<p>Die Ausstellung wurde von April bis Juli in der Geschichtswerkstatt Degerloch gezeigt.<\/p>\n<p><strong>______________________________________________________________________________<\/strong><\/p>\n<p><span style=\"font-size: 14pt;\"><strong><span style=\"color: #b31212;\">06.05.2025 16:45 Uhr\u00a0<\/span><\/strong><strong><span style=\"color: #b31212;\">JERG RATGEB <\/span><\/strong><strong><span style=\"color: #b31212;\">der ber\u00fchmte Meister des Herrenberger Altars<\/span><\/strong><\/span><\/p>\n<p><span style=\"color: #000000;\">Exklusivf\u00fchrung durch Dr. Ulrich Weitz,\u00a0<\/span><span style=\"color: #000000;\">Staatsgalerie Stuttgart, Konrad-Adenauer-Str. 30-32<\/span><\/p>\n<p><strong>______________________________________________________________________________<\/strong><\/p>\n<p><span style=\"font-size: 14pt;\"><strong><span style=\"color: #b31212;\">04.05.2025, 15:30 Uhr Enth\u00fcllung des Jerg-Ratgeb-Denkmals<\/span><\/strong><\/span><\/p>\n<p>Das Denkmal steht auf dem Gr\u00fcnstreifen zwischen der Reutlinger Stra\u00dfe und dem Silberpappelweg auf der H\u00f6he von Reutlinger Stra\u00dfe 36.\u00a0<\/p>\n<p>Dort findet die Enth\u00fcllung mit einem Festvortrag von Bezirksvorsteher Colyn Heinze statt.<\/p>\n<p>N\u00e4heres zu Bauernkrieg, Jerg Ratgeb und zu den Aktivit\u00e4ten der GWD finden sie <strong>=&gt; <span style=\"text-decoration: underline;\"><a href=\"https:\/\/geschichtswerkstatt-degerloch.de\/aktuelles\/bauernkrieg\">hier<\/a>.<\/span><\/strong><\/p>\n<p><!-- \/wp:post-content --><\/p>\n<p><!-- wp:paragraph --><\/p>\n<p><!-- \/wp:paragraph --><\/p>\n<p><!-- wp:paragraph --><\/p>\n<p>______________________________________________________________________________<\/p>\n<p><span style=\"font-size: 14pt;\"><strong><span style=\"color: #b31212;\">Erinnerung an den 22.04.1945: Vor 80 Jahren wurde im Degerlocher &#8222;Ritter&#8220; die Stadt Stuttgart an die franz\u00f6sischen Truppen \u00fcbergeben<\/span><\/strong><\/span><\/p>\n<p>Am Vormittag des<strong>\u00a022. April 1945<\/strong>, einem sonnigen Sonntag, erkl\u00e4rte im Haupthaus des\u00a0<strong>Gasthofs zum Ritter<\/strong>\u00a0der damalige Oberb\u00fcrgermeister Karl Str\u00f6lin einem franz\u00f6sischen General die \u00dcbergabe der Stadt, womit\u00a0<strong>f\u00fcr Stuttgart der Zweite Weltkrieg endete\u00b9<\/strong>. Die \u00dcbergabe erfolgte in einem der damals zu B\u00fcros umgenutzten G\u00e4stezimmer des Gasthofs.<\/p>\n<p>Erstmals um 1750 erw\u00e4hnt, entstand der Gasthof im Zuge der Chaussierung der so genannten \u201eSchweizer Stra\u00dfe\u201c (Fernstra\u00dfe in die Schweiz) als Station speziell f\u00fcr Reisende, die in Kutschen unterwegs waren. Wie f\u00fcr das 18. Jahrhundert charakteristisch, ist das Haupthaus \u2013 das Gasthaus \u2013 in konstruktivem Fachwerk unter Mansarddach errichtet. Das Zimmer der \u00dcbergabe sowie das gesamte originale Innengef\u00fcge des Hauses sind nicht mehr vorhanden.<\/p>\n<p>1984 n\u00e4mlich wurde der Gasthof zugunsten eines Tiefgaragenbaus abgebrochen und danach nur das Haupthaus dar\u00fcber rekonstruiert unter Wiederverwendung der originalen \u00f6stlichen Fachwerkfassade zur Epplestra\u00dfe hin. Auch der 1921 teilerneuerte Ausleger des Gasthausschildes mit Georgsfigur wurde wieder angebracht (diese Teile gelten zusammen als Kulturdenkmal)\u00b2.<\/p>\n<p><span style=\"font-size: 10pt;\"><em>\u00b9Eberhard J\u00e4ckel: Das Jahr des Jahrhunderts. <span style=\"text-decoration: underline;\">In<\/span>: Stuttgart 1945. Anfang nach dem Ende. Hrsg. von Wulf D. von Lucius, Stuttgart 1995, S. 1;<br \/>\u00b2Liste der Kulturdenkmale von Stuttgart\u2013Degerloch, Stand 2023; <\/em><\/span><\/p>\n<p><em><span style=\"font-size: 10pt;\">siehe auch: August Gebe\u00dfler: Fragen zur Stadtarch\u00e4ologie\u2026<span style=\"text-decoration: underline;\">In<\/span>: Denkmalpflege in Baden &#8211; W\u00fcrttemberg 19\/2 (1990), S. 38f.<\/span><\/em><\/p>\n<p><strong>______________________________________________________________________________<\/strong><\/p>\n<p><span style=\"color: #b31212; font-size: 14pt;\"><strong>04.04.2025, 15:00-17:00 Uhr. Degerloch: damals, heute und in Zukunft. <\/strong><\/span><\/p>\n<p><span style=\"color: #000000; font-size: 12pt;\"><strong>Stadtrundgang mit dem Bezirksvorsteher Colyn Heinze und Helmut Doka von der Geschichtswerkstatt<\/strong><\/span><\/p>\n<h3><strong>_____________________________________________________________________<\/strong><\/h3>\n<p><span style=\"font-size: 14pt;\"><strong><span style=\"color: #b31212;\">15.03.2025 Seminar mit Dr. Thomas Held<\/span><\/strong><\/span><\/p>\n<p><span style=\"font-size: 14pt;\"><strong><span style=\"color: #b31212;\">Familienforschung &#8211; Einf\u00fchrung in Methoden und M\u00f6glichkeiten<\/span><\/strong><\/span><\/p>\n<p><span style=\"font-size: 12pt;\"><strong>Geschichtswerkstatt Degerloch, Gro\u00dfe Falterstr. 4, 70597 Stuttgart\u00a0<br \/>Beginn 10 Uhr, Ende gegen 16 Uhr<\/strong><\/span><\/p>\n<p>Ortsgeschichte ist auch Familiengeschichte, weshalb sich die Geschichtswerkstatt auch mit der Genealogie Degerlocher Familien besch\u00e4ftigt. Allen, die an Familiengeschichte(n) interessiert sind, will das Seminar einen Einstieg in die Ahnenforschung erm\u00f6glichen und das Potential zur Vernetzung mit der Ortsgeschichte aufzeigen.\u00a0Dr. Thomas Held, Vorstand des Vereins f\u00fcr Familienkunde Baden-W\u00fcrttemberg und Degerlocher Raff-Nachfahre wird uns einen \u00dcberblick \u00fcber Quellen, Dokumente, Methoden und Darstellungsformen der Familienforschung bieten.\u00a0<\/p>\n<p><strong>______________________________________________________________________________<\/strong><\/p>\n<p><span style=\"font-size: 14pt;\"><strong><span style=\"color: #b31212;\">26.02.2025\u00a0<\/span><\/strong><strong><span style=\"color: #b31212;\">Vortrag von Dr. Bertram Maurer<\/span><\/strong><\/span><\/p>\n<p><span style=\"font-size: 14pt;\"><strong><span style=\"color: #b31212;\">Eine unbekannte Degerlocher Ber\u00fchmtheit. Der Mathematiker Rudolf Mehmke und seine Familiengeschichte.<\/span><\/strong><\/span><\/p>\n<p><!-- \/wp:paragraph --><\/p>\n<p><!-- wp:paragraph --><\/p>\n<p><span style=\"font-size: 12pt;\"><strong>19:00 Uhr. StadtPalais, Foyer<\/strong><\/span><\/p>\n<p><img loading=\"lazy\" decoding=\"async\" class=\"wp-image-1713  alignright\" src=\"https:\/\/geschichtswerkstatt-degerloch.de\/wp-content\/uploads\/2025\/01\/43_Fam_Mehmke2020-1024x696.jpg\" alt=\"\" width=\"351\" height=\"239\" srcset=\"https:\/\/geschichtswerkstatt-degerloch.de\/wp-content\/uploads\/2025\/01\/43_Fam_Mehmke2020-1024x696.jpg 1024w, https:\/\/geschichtswerkstatt-degerloch.de\/wp-content\/uploads\/2025\/01\/43_Fam_Mehmke2020-300x204.jpg 300w, https:\/\/geschichtswerkstatt-degerloch.de\/wp-content\/uploads\/2025\/01\/43_Fam_Mehmke2020-768x522.jpg 768w, https:\/\/geschichtswerkstatt-degerloch.de\/wp-content\/uploads\/2025\/01\/43_Fam_Mehmke2020-1536x1044.jpg 1536w, https:\/\/geschichtswerkstatt-degerloch.de\/wp-content\/uploads\/2025\/01\/43_Fam_Mehmke2020-2048x1392.jpg 2048w\" sizes=\"auto, (max-width: 351px) 100vw, 351px\" \/>Rudolf Mehmke (1857-1944) war um 1900 unter Mathematikern weltweit bekannt und gesch\u00e4tzt. Er war einer der ersten Mathematiker, der sich auf die Anwendungen konzentrierte. Heute kennt ihn auch kaum noch ein Mathematiker. Er wohnte seit 1906 in der L\u00f6wenstra\u00dfe in Degerloch und war Sozialdemokrat. Er wurde von manchem Schicksalsschlag heimgesucht. Vielleicht der schrecklichste: 1940 wurde seine Tochter Luise im Rahmen des NS-&#8222;Euthanasie&#8220;-Programms in Grafeneck ermordet.<\/p>\n<p><!-- \/wp:paragraph --><\/p>\n<p><!-- wp:paragraph --><\/p>\n<p>Im Fr\u00fchjahr 2024 ist eine Biographie \u00fcber ihn und seine Familie erschienen. Das Buch ist als pdf frei zug\u00e4nglich. Sie finden es, wenn Sie in einer Suchmaschine &#8222;Rudolf Mehmke&#8220; eingeben.<\/p>\n<p><!-- \/wp:paragraph --><\/p>\n<p><!-- wp:paragraph --><\/p>\n<p><!-- \/wp:paragraph --><\/p>\n<p><!-- wp:paragraph --><\/p>\n<p><strong>______________________________________________________________________________<\/strong><\/p>\n<p><span style=\"font-size: 14pt;\"><span style=\"color: #b31212;\"><strong>16.01.2025 F\u00fchrung mit Helmut Doka:\u00a0<\/strong><\/span><span style=\"color: #b31212;\"><strong>Historisches Degerloch. <\/strong><\/span><\/span><\/p>\n<p><span style=\"font-size: 14pt;\"><span style=\"color: #b31212;\"><strong><span style=\"color: #000000;\">Offenes Angebot des<\/span> <span style=\"text-decoration: underline;\"><span style=\"color: #0000ff; text-decoration: underline;\"><a style=\"color: #0000ff; text-decoration: underline;\" href=\"https:\/\/www.degerlocherfrauenkreis.de\/angebot\/historisches-degerloch\/\">Degerlocher Frauenkreises<\/a><\/span><\/span><\/strong><\/span><\/span><\/p>\n<p><span style=\"font-size: 14pt;\"><strong>14:00 &#8211; 15:30 Uhr, Gro\u00dfe Falterstra\u00dfe 4, 70597 Degerloch<\/strong><\/span><\/p>\n<p>Was erz\u00e4hlt uns der Degerlocher Ortskern \u00fcber seine Geschichte? Dieser Frage geht die F\u00fchrung mit Helmut Doka von der Geschichtswerkstatt Degerloch e.V. bei diesem Rundgang nach.<\/p>\n<p><strong>______________________________________________________________________________<\/strong><\/p>\n<p><span style=\"color: #b31212; font-size: 14pt;\"><strong>02.11.2024 bis 26.01.2025\u00a0<\/strong><\/span><span style=\"font-size: 14pt;\"><span style=\"color: #b31212;\"><strong>Ausstellung zum 19. <\/strong><\/span><span style=\"color: #b31212;\"><strong>Tag der Stadtgeschichte: \u201eKlick! Blicke in die bemerkenswerte Stuttgarter Fotogeschichte\u201c.\u00a0<\/strong><\/span><\/span><span style=\"font-size: 14pt;\"><span style=\"text-decoration: underline; color: #0000ff;\"><a style=\"color: #0000ff; text-decoration: underline;\" href=\"https:\/\/www.stadtpalais-stuttgart.de\/ausstellungen\/klick\" target=\"_blank\" rel=\"noopener\"><strong>Stadtpalais am Charlottenplatz<\/strong><\/a><\/span><\/span><\/p>\n<p><span style=\"color: #0000ff;\"><strong><span style=\"text-decoration: underline;\"><a style=\"color: #0000ff; text-decoration: underline;\" href=\"https:\/\/ags-s.de\"><span style=\"font-size: 14pt;\">Arbeitsgemeinschaft Stadtgeschichte Stuttgart e.V.<\/span><\/a><\/span><\/strong><\/span><\/p>\n<p>Gezeigt wurde auch das Degerlocher Winzer-Festbild des Fotografen Fr. Brandseph, eine Fotomontage aus dem Jahr 1868, mit einem Informationstext von Helmut Doka.<\/p>\n<p><strong><a href=\"https:\/\/geschichtswerkstatt-degerloch.de\/wp-content\/uploads\/2024\/10\/AgS_Flyer_Klick.pdf\"><span style=\"color: #0000ff;\"><span style=\"text-decoration: underline;\">Programm 19. Tag der Stadtgeschichte<\/span><\/span><\/a><\/strong><\/p>\n<p><strong>______________________________________________________________________________<\/strong><\/p>\n<p class=\"wp-block-heading\"><span style=\"font-size: 14pt;\"><strong><span class=\"has-inline-color\" style=\"color: #b31212;\">09.01.2025 Vortrag von Dr. Judith Breuer:\u00a0<\/span><\/strong><strong><span style=\"color: #b31212;\">Die evangelische Michaelskirche Degerloch.\u00a0Wiederentdeckte Pl\u00e4ne belegen ihre spannende Geschichte.<\/span><\/strong><\/span><\/p>\n<p><span style=\"font-size: 12pt;\"><strong>18:30 Uhr im Helene-Pfleiderer-Haus, Gro\u00dfe Falterstr. 6, 70597 Stuttgart<\/strong><\/span><\/p>\n<p><iframe loading=\"lazy\" src=\"\/\/www.youtube.com\/embed\/D9c5m3djhBQ\" width=\"300\" height=\"168\" allowfullscreen=\"allowfullscreen\"><\/iframe><\/p>\n<p>Dr. Judith Breuer stellt an Hand von Pl\u00e4nen und Schriftquellen die Baugeschichte der Hauptkirche Degerlochs von 1350 bis heute dar. Im Mittelpunkt stehen wiederentdeckte Pl\u00e4ne \u00fcber die heutige Kirche und ihren Vorg\u00e4ngerbau aus dem B\u00fcro Leins, die 1863 angefertigt wurden. Obwohl bis heute dreimal ausger\u00e4umt und seit einigen Jahren auch baulich eingeengt, ist die seit 1949 sog. Michaelskirche \u2013 daran erinnert die Kunsthistorikerin \u2013 ein Kulturdenkmal, das Wertsch\u00e4tzung und Pflege verdient.<\/p>\n<table style=\"width: 505px;\">\n<tbody>\n<tr>\n<td style=\"width: 243.047px;\"><img loading=\"lazy\" decoding=\"async\" class=\"alignnone wp-image-1604\" style=\"font-size: revert; color: initial;\" src=\"https:\/\/geschichtswerkstatt-degerloch.de\/wp-content\/uploads\/2024\/11\/Querschnitt-Planung-1863_TZ_LKA-300x231.jpg\" alt=\"\" width=\"247\" height=\"190\" \/><\/td>\n<td style=\"width: 245.953px;\"><img loading=\"lazy\" decoding=\"async\" class=\"alignnone wp-image-1605\" style=\"font-size: revert; color: initial;\" src=\"https:\/\/geschichtswerkstatt-degerloch.de\/wp-content\/uploads\/2024\/11\/Luftbild-KircheUmfeld-2024_JB-300x228.jpg\" alt=\"\" width=\"250\" height=\"190\" \/><\/td>\n<\/tr>\n<\/tbody>\n<\/table>\n<p><strong>______________________________________________________________________________<\/strong><\/p>\n<p><span style=\"font-size: 14pt;\"><span style=\"color: #b31212;\"><strong>Sonntag, 06.10. &#8211; Sonntag, 17.11.2024: <\/strong><\/span><strong><span style=\"color: #b31212;\">Ausstellung &#8222;500 Jahre Gesangbuch&#8220;<\/span><\/strong><\/span><\/p>\n<p><iframe loading=\"lazy\" src=\"\/\/www.youtube.com\/embed\/1Cbm9Ab3dws\" width=\"280\" height=\"157\" allowfullscreen=\"allowfullscreen\"><\/iframe><\/p>\n<p><strong>______________________________________________________________________________<\/strong><\/p>\n<p><span style=\"font-size: 14pt;\"><span style=\"color: #b31212;\"><strong>Donnerstag, 24.10.2024:<\/strong> <\/span><strong><span style=\"color: #b31212;\">Degerlochs Anf\u00e4nge &#8211; was wir (nicht) wissen.<\/span><\/strong><\/span><\/p>\n<p><span style=\"color: #000000; font-size: 12pt;\">Vortrag von Norma M\u00fcller im Helene-Pfleiderer-Haus \u00fcber die d\u00fcnn ges\u00e4ten \u00e4ltesten Quellen zu Degerloch, deren zeitgeschichtlichen Kontext sowie bisher ungekl\u00e4rte Fragen zur mittelalterlichen Geschichte unseres Ortes. Als Fazit betont die Rednerin die Bedeutung der Arch\u00e4ologie f\u00fcr die Zeit vom 12. bis zum 14. Jahrhundert und mahnt einen bewussteren Umgang mit den wenigen im Ortskern unber\u00fchrt verbliebenen &#8222;Bodensch\u00e4tzen&#8220; an.<\/span><\/p>\n<p><iframe loading=\"lazy\" src=\"\/\/www.youtube.com\/embed\/Nj9AfmcFh6c\" width=\"280\" height=\"157\" allowfullscreen=\"allowfullscreen\"><\/iframe><\/p>\n<p><strong>______________________________________________________________________________<\/strong><\/p>\n<p><span style=\"color: #b31212;\"><strong>Samstag, 28.09.2024: <\/strong><\/span><strong><span style=\"color: #b31212;\">Spaziergang durchs Degerlocher Villen-Viertel.<\/span><\/strong><br \/>F\u00fchrung mit Eberhard Weiss durch die Waldstra\u00dfe, die L\u00f6wenstra\u00dfe, die Ahornstra\u00dfe und zur\u00fcck \u00fcber die Jahnstra\u00dfe mit dem Blick auf\u00a0die Bebauungsgeschichte der Degerlocher \u201eVilla\u201c.<\/p>\n<p><strong><span style=\"color: #b31212;\">Samstag, 21.10.2024: <\/span><span style=\"color: #b31212;\">Waldfriedhof in Stuttgart zum 110-j\u00e4hrigen Jubil\u00e4um der ersten Bestattung dort.<\/span><\/strong><br \/>F\u00fchrung mit Dr. Bertram Maurer<\/p>\n<p><strong><span style=\"color: #b31212;\">Sonntag, 14.07. 2024 und Sonntag, 12.05.2024: <\/span><span style=\"color: #b31212;\">NS-Milit\u00e4rjustiz \u00fcber Dornhalden- und Waldfriedhof<\/span><\/strong> <br \/>F\u00fchrungen mit Dr. Bertram Maurer<\/p>\n<p><strong><span style=\"color: #b31212;\">Montag, 03.06.2024: <\/span><span style=\"color: #b31212;\">Buchpr\u00e4sentation \u201eColumbusstra\u00dfe\u201c von Tobi Dahmen. Eine Familiengeschichte 1935 bis 1945 in Form eines Comics.<\/span><\/strong><br \/>Comicpr\u00e4sentation und Gespr\u00e4ch, Moderation: Dr. Christine Lehmann.<br \/>Stadtbibliothek am Mail\u00e4nder Platz, in Zusammenarbeit mit dem Hotel-Silber-Verein und der Geschichtswerkstatt Degerloch<\/p>\n<p><strong><span style=\"color: #b31212;\">24.04. bis 28.07.2024: <\/span><span style=\"color: #b31212;\">Ausstellung zur NS-Milit\u00e4rjustiz, insbesondere zu den Hinrichtungen auf dem Schie\u00dfplatz auf der Dornhalde<\/span><\/strong><br \/>In Zusammenarbeit mit dem Hotel-Silber-Verein und den AnStiftern <br \/>Er\u00f6ffnungsveranstaltung am 24.04.2024<\/p>\n<p><iframe loading=\"lazy\" src=\"\/\/www.youtube.com\/embed\/myUiV2H6Kb0\" width=\"280\" height=\"157\" allowfullscreen=\"allowfullscreen\"><\/iframe><\/p>\n<p><strong><span style=\"color: #b31212;\">Mittwoch 25. Oktober: Der 9. November \u2013 ein deutscher Schicksalstag<br \/><\/span><\/strong><span style=\"color: #333333;\">Vortrag von Dr. Wolfgang Niess<\/span><\/p>\n<p><strong><span style=\"color: #b31212;\">Freitag, 13.10.2023: <\/span><span style=\"color: #b31212;\">Die ersten Siedlerfrauen \u2013 Hoffeld 1932<br \/><\/span><\/strong><span style=\"color: #333333;\">Vortrag von Dr. Anne-Christel Recknagel, nach ihrem Buch \u201eWeib, hilf Dir selber!\u201c \u00fcber Leben und Werk der Carola Rosenberg-Blume<\/span><strong><span style=\"color: #b31212;\"><br \/><\/span><\/strong><\/p>\n<p><strong><span style=\"color: #b31212;\">Samstag 16. September 2023: d\u2019Villa \u2013 das Degerlocher Villenviertel<br \/><\/span><\/strong><span style=\"color: #333333;\">F\u00fchrung mit Eberhard Weiss<\/span><\/p>\n<p><iframe loading=\"lazy\" src=\"\/\/www.youtube.com\/embed\/Qkv67effWfo\" width=\"280\" height=\"157\" allowfullscreen=\"allowfullscreen\"><\/iframe><\/p>\n<p><strong><span style=\"color: #b31212;\">Sonntag 26.11.2023: Stolpersteine in Degerloch<br \/><\/span><\/strong><span style=\"color: #333333;\">F\u00fchrung mit Dr. Bertram Maurer zur Erinnerung an die Opfer des NS-Regimes im Rahmen des Projektes \u201e30 Tage im November\u201c<\/span><\/p>\n<p><strong><span style=\"color: #b31212;\">Mittwoch 14.06.2023: Opfer der NS-Justiz &#8211; Hinrichtungen auf der Dornhalde<br \/><\/span><\/strong><span style=\"color: #333333;\">Vortrag von Dr. Bertram Maurer im Hotel Silber<\/span><strong><span style=\"color: #b31212;\"><br \/><\/span><\/strong><\/p>\n<p><iframe loading=\"lazy\" src=\"\/\/www.youtube.com\/embed\/0nClY7_5YeA?si=PxFoMbE-qp5i2WRw\" width=\"280\" height=\"157\" allowfullscreen=\"allowfullscreen\"><\/iframe><\/p>\n<div id=\"thumbnail\" class=\"style-scope ytd-rich-grid-media\">\u00a0<\/div>\n<p><strong><span style=\"color: #b31212;\">Samstag, 10.06.2023: Auf den Spuren der NS-Milit\u00e4rgerichtsbarkeit in Stuttgart<br \/><\/span><\/strong><span style=\"color: #333333;\">Fahrradexkursion mit Dr. Bertram Maurer<\/span><strong><span style=\"color: #b31212;\"><br \/><\/span><\/strong><\/p>\n<p><strong><span style=\"color: #b31212;\">Mittwoch 24.05.2023: Degerloch zwischen 1918 und 1945<br \/><\/span><\/strong><span style=\"color: #333333;\">Vortrag von Albert Raff<\/span><\/p>\n<p><strong><span style=\"color: #b31212;\">21.05. bis 27.08.2023: Eugen Kucher &#8211; seine Degerlocher Bilder<br \/><\/span><\/strong><span style=\"color: #333333;\">Ausstellung von Bildern des impressionistischen Malers Eugen Kucher (1889 &#8211; 1945)<\/span><\/p>\n<p><strong><span style=\"color: #b31212;\">Samstag, 18.03.2023: Stolpersteine in Degerloch<br \/><\/span><\/strong><span style=\"color: #333333;\">F\u00fchrung mit Dr. Bertram Maurer zur Erinnerung an die Opfer des NS-Regimes<\/span><\/p>\n<p><strong><span style=\"color: #b31212;\">Samstag 19.11.2022: Buchvorstellung &#8222;Der Alte Friedhof Degerloch &#8211; eine Chronik&#8220; <br \/><\/span><\/strong><span style=\"color: #333333;\">Verfasser: Prof. G\u00fcnther Kurz<\/span><\/p>\n<p style=\"background: white;\"><strong><span style=\"color: #b31212;\">Freitag 18.11.2022: Degerlocher jubilieret &#8211; klares Wasser \u00fcberall!<br \/><\/span><\/strong><span style=\"color: #333333;\">Vortrag und F\u00fchrung von Helmut Doka zu 150 Jahre Wasserversorgung Degerloch &#8211; Erinnerung an das Wasserfest am 18.11.1872<\/span><\/p>\n<p><strong><span style=\"color: #b31212;\">Sonntag 13.11.2022: Stolpersteine in Degerloch<br \/><\/span><\/strong><span style=\"color: #333333;\">F\u00fchrung mit Dr. Bertram Maurer zur Erinnerung an die Opfer des NS-Regimes<\/span><strong><span style=\"color: #b31212;\"><br \/><\/span><\/strong><\/p>\n<p><strong><span style=\"color: #b31212;\">Samstag 15.10.2022: Buchvorstellung &#8222;Die Stuttgarter Weinsteige &#8211; \u00fcber 700 Jahre Geschichte&#8220;<br \/><\/span><\/strong><span style=\"color: #333333;\">Verfasser: Dr. Ulrich Sch\u00fclke und Norma M\u00fcller<\/span><\/p>\n<p><span style=\"font-size: 18pt;\"><em><strong>Corona-Zeit<\/strong><\/em><\/span><\/p>\n<p><strong><span style=\"color: #b31212;\">Dienstag 10.12.2019: Buchvorstellung &#8222;Degerloch wird Pfarrdorf&#8220;<br \/><\/span><\/strong><span style=\"color: #333333;\">Verfasser: Dr. Ulrich Sch\u00fclke. Druckversion des Festvortrages &#8222;550 Jahre Kirchengemeinde Degerloch&#8220;<\/span><\/p>\n<p><strong><span style=\"color: #b31212;\">Donnerstag 28.11.2019: Degerloch 1940 &#8211; ein &#8222;Judenhaus&#8220; in Waldstra\u00dfe<br \/><\/span><\/strong><span style=\"color: #333333;\">Vortrag von Helmut Doka \u00fcber die Schicksale der Bewohner, u.a. Frau Dr. Ella Ke\u00dfler-Reis<\/span><strong><span style=\"color: #b31212;\"><br \/><\/span><\/strong><\/p>\n<p><span style=\"color: #b31212;\"><strong>Montag 11.11.2019:\u00a0Stuttgart im 20. Jahrhundert &#8211;\u00a0eine Zeitreise in bewegten Bildern<br \/><\/strong><span style=\"color: #333333;\">Vorf\u00fchrung eines Filmes, gedreht 2010 vom Haus des Dokumentarfilms<\/span><\/span><\/p>\n<p><strong><span style=\"color: #b31212;\">Samstag 22.06.2019: Die alten Degerlocher Schulen<br \/><\/span><\/strong><span style=\"color: #333333;\">F\u00fchrung mit Helmut Doka und Albert Raff<\/span><\/p>\n<p><strong><span style=\"color: #b31212;\">Samstag 11.05.2019: Falterau und mehr<br \/><\/span><\/strong><span style=\"color: #333333;\">F\u00fchrung mit Francois Therrien<\/span><\/p>\n<p><!-- wp:paragraph --><\/p>\n<p><!-- \/wp:paragraph --><\/p>","protected":false},"excerpt":{"rendered":"<p>Unsere Veranstaltungen in den letzten Monaten _____________________________________________________________________________ 25.10.2025, 15:00 &#8211;\u00a0 Gedenkstein f\u00fcr Jerg Ratgeb. K\u00fcnstlergesspr\u00e4ch mit Uli Gsell\u00a0 Video dazu. Rundgang im Rahmen des &#8222;Monats der Stadtgeschichte&#8220; der\u00a0AgS.\u00a0 Kanzler Jerg Ratgeb versammelte das Bauernheer am 4. Mai 1525 in \u201eTegerloch ob Stuttgarten\u201c, von wo es am 7. Mai nach Herrenberg und schlie\u00dflich B\u00f6blingen abr\u00fcckte. Dort erlitt es am 12. Mai seine v\u00f6llige Vernichtung durch die S\u00f6ldner des Truchsess von Waldburg.&hellip;<\/p>\n","protected":false},"author":1,"featured_media":0,"parent":0,"menu_order":0,"comment_status":"closed","ping_status":"closed","template":"","meta":{"footnotes":""},"class_list":["post-1575","page","type-page","status-publish","hentry","no-post-thumbnail"],"_links":{"self":[{"href":"https:\/\/geschichtswerkstatt-degerloch.de\/aktuelles\/wp-json\/wp\/v2\/pages\/1575","targetHints":{"allow":["GET"]}}],"collection":[{"href":"https:\/\/geschichtswerkstatt-degerloch.de\/aktuelles\/wp-json\/wp\/v2\/pages"}],"about":[{"href":"https:\/\/geschichtswerkstatt-degerloch.de\/aktuelles\/wp-json\/wp\/v2\/types\/page"}],"author":[{"embeddable":true,"href":"https:\/\/geschichtswerkstatt-degerloch.de\/aktuelles\/wp-json\/wp\/v2\/users\/1"}],"replies":[{"embeddable":true,"href":"https:\/\/geschichtswerkstatt-degerloch.de\/aktuelles\/wp-json\/wp\/v2\/comments?post=1575"}],"version-history":[{"count":73,"href":"https:\/\/geschichtswerkstatt-degerloch.de\/aktuelles\/wp-json\/wp\/v2\/pages\/1575\/revisions"}],"predecessor-version":[{"id":1999,"href":"https:\/\/geschichtswerkstatt-degerloch.de\/aktuelles\/wp-json\/wp\/v2\/pages\/1575\/revisions\/1999"}],"wp:attachment":[{"href":"https:\/\/geschichtswerkstatt-degerloch.de\/aktuelles\/wp-json\/wp\/v2\/media?parent=1575"}],"curies":[{"name":"wp","href":"https:\/\/api.w.org\/{rel}","templated":true}]}}