{"id":154,"date":"2018-12-26T13:42:53","date_gmt":"2018-12-26T13:42:53","guid":{"rendered":"http:\/\/s405190592.online.de\/?page_id=154"},"modified":"2025-11-03T19:03:36","modified_gmt":"2025-11-03T19:03:36","slug":"veroeffentlichungen","status":"publish","type":"page","link":"https:\/\/geschichtswerkstatt-degerloch.de\/aktuelles\/veroeffentlichungen","title":{"rendered":"Videos und B\u00fccher"},"content":{"rendered":"<p><span style=\"color: #ffffff;\">1<\/span><\/p>\n<p><em><span style=\"color: #800000; font-size: 18pt;\"><strong>1. Historisches Degerlocher Filmmaterial\u00a0<\/strong><\/span><\/em><\/p>\n<ul>\n<li style=\"list-style-type: none;\">\n<ul>\n<li>03.03.2015 <a href=\"https:\/\/www.youtube.com\/watch?v=QtmTryOJbbI\">Degerlocher Filmabend &#8222;So war\u00b4s in Degerloch&#8220;<\/a><\/li>\n<li><img loading=\"lazy\" decoding=\"async\" class=\"alignnone size-medium wp-image-1583\" src=\"https:\/\/geschichtswerkstatt-degerloch.de\/wp-content\/uploads\/2024\/11\/Bild_2024-11-14_174847867-300x172.png\" alt=\"\" width=\"300\" height=\"172\" srcset=\"https:\/\/geschichtswerkstatt-degerloch.de\/wp-content\/uploads\/2024\/11\/Bild_2024-11-14_174847867-300x172.png 300w, https:\/\/geschichtswerkstatt-degerloch.de\/wp-content\/uploads\/2024\/11\/Bild_2024-11-14_174847867.png 317w\" sizes=\"auto, (max-width: 300px) 100vw, 300px\" \/><\/li>\n<li>23.01.2016 <a href=\"https:\/\/www.youtube.com\/watch?v=UxzvA6obIX0\">Degerlocher Filmabend &#8222;So war\u00b4s in Degerloch&#8220;<\/a><\/li>\n<li><img loading=\"lazy\" decoding=\"async\" class=\"alignnone size-medium wp-image-1585\" src=\"https:\/\/geschichtswerkstatt-degerloch.de\/wp-content\/uploads\/2024\/11\/Bild_2024-11-14_175912413-300x173.png\" alt=\"\" width=\"300\" height=\"173\" srcset=\"https:\/\/geschichtswerkstatt-degerloch.de\/wp-content\/uploads\/2024\/11\/Bild_2024-11-14_175912413-300x173.png 300w, https:\/\/geschichtswerkstatt-degerloch.de\/wp-content\/uploads\/2024\/11\/Bild_2024-11-14_175912413.png 323w\" sizes=\"auto, (max-width: 300px) 100vw, 300px\" \/><\/li>\n<li>21.01.2017 <a href=\"https:\/\/www.youtube.com\/watch?v=LmRNBasbOso\">Degerlocher Filmabend &#8222;Raff\u00b4sche Sch\u00e4tze&#8220;<\/a><\/li>\n<li><img loading=\"lazy\" decoding=\"async\" class=\"alignnone size-medium wp-image-1581\" src=\"https:\/\/geschichtswerkstatt-degerloch.de\/wp-content\/uploads\/2024\/11\/Bild_2024-11-14_142117617-300x171.png\" alt=\"\" width=\"300\" height=\"171\" srcset=\"https:\/\/geschichtswerkstatt-degerloch.de\/wp-content\/uploads\/2024\/11\/Bild_2024-11-14_142117617-300x171.png 300w, https:\/\/geschichtswerkstatt-degerloch.de\/wp-content\/uploads\/2024\/11\/Bild_2024-11-14_142117617.png 310w\" sizes=\"auto, (max-width: 300px) 100vw, 300px\" \/><\/li>\n<li>03.02.2018 <a href=\"https:\/\/www.youtube.com\/watch?v=Fn4vwmSs4YM\">Degerlocher Filmabend &#8222;So war\u00b4s in Degerloch&#8220;<\/a><\/li>\n<li><img loading=\"lazy\" decoding=\"async\" class=\"alignnone size-medium wp-image-1586\" src=\"https:\/\/geschichtswerkstatt-degerloch.de\/wp-content\/uploads\/2024\/11\/Bild_2024-11-14_180032374-300x173.png\" alt=\"\" width=\"300\" height=\"173\" srcset=\"https:\/\/geschichtswerkstatt-degerloch.de\/wp-content\/uploads\/2024\/11\/Bild_2024-11-14_180032374-300x173.png 300w, https:\/\/geschichtswerkstatt-degerloch.de\/wp-content\/uploads\/2024\/11\/Bild_2024-11-14_180032374.png 319w\" sizes=\"auto, (max-width: 300px) 100vw, 300px\" \/><\/li>\n<\/ul>\n<\/li>\n<\/ul>\n<p><span style=\"color: #ffffff;\">A<\/span><\/p>\n<p><span style=\"color: #800000;\"><em><strong><span style=\"font-size: 18pt;\">2. Vortr\u00e4ge, F\u00fchrungen&#8230; =<\/span><\/strong><\/em><\/span><span style=\"color: #800000;\"><em><strong><span style=\"font-size: 18pt;\">&gt; <span style=\"color: #0000ff;\"><a style=\"color: #0000ff;\" href=\"https:\/\/www.youtube.com\/@degerlochtv8844\/videos\" target=\"_blank\" rel=\"noopener\">Degerloch TV<\/a><\/span> auf youtube<\/span><\/strong><\/em><\/span><\/p>\n<p><span style=\"color: #ffffff;\">B<\/span><\/p>\n<p><em><span style=\"font-size: 18pt; color: #800000;\"><strong>3. Buchver\u00f6ffentlichungen<\/strong><\/span><\/em><\/p>\n<p><span style=\"color: #800000; font-size: 14pt;\"><strong>Erh\u00e4ltlich zu den \u00d6ffnungszeiten in der Geschichtswerkstatt <\/strong><\/span><\/p>\n<p><span style=\"font-size: 14pt;\"><span style=\"color: #800000;\"><strong>Versand (zzgl. Porto)<\/strong><\/span><span style=\"color: #000000;\"> \u00fcber <\/span><span style=\"color: #0000ff;\"><strong>Antiquariat Heinzelm\u00e4nnchen,\u00a0<\/strong><\/span><span style=\"color: #000000;\">Tel. 0711\u00a0 76 513 82, Mail: <em><a style=\"color: #000000;\" href=\"mailto:heinzelmannbuch@t-online.de\"><span style=\"text-decoration: underline;\">heinzelmannbuch@t-online.de<\/span><\/a><\/em><\/span><\/span><\/p>\n<p>______________________________________________________________________________________________<\/p>\n<h3><strong><span style=\"color: #b31212;\">N E U E R S C H E I N U N G<\/span><\/strong><\/h3>\n<h3><strong><span style=\"color: #b31212;\">Die Michaelskirche Degerloch &#8211; Wiederentdeckte Pl\u00e4ne des Christian F. Leins als Quellen der Baugeschichte<\/span><\/strong><\/h3>\n<h3><strong><span style=\"color: #b31212;\">von Judith Breuer<br \/>\n<\/span><\/strong><\/h3>\n<p><img loading=\"lazy\" decoding=\"async\" class=\"wp-image-1925 alignleft\" src=\"https:\/\/geschichtswerkstatt-degerloch.de\/wp-content\/uploads\/2025\/09\/Bild_Buchvorstellung-223x300.jpg\" alt=\"\" width=\"217\" height=\"292\" srcset=\"https:\/\/geschichtswerkstatt-degerloch.de\/wp-content\/uploads\/2025\/09\/Bild_Buchvorstellung-223x300.jpg 223w, https:\/\/geschichtswerkstatt-degerloch.de\/wp-content\/uploads\/2025\/09\/Bild_Buchvorstellung.jpg 559w\" sizes=\"auto, (max-width: 217px) 100vw, 217px\" \/><\/p>\n<p><span style=\"font-size: 14pt; color: #333333;\">Die Kunsthistorikerin und Denkmalpflegerin Dr. Judith Breuer hat ein Buch \u00fcber die Baugeschichte der Degerlocher Hauptkirche von etwa 1350 bis heute geschrieben. Das gr\u00fcndlich recherchierte Werk hat DinA4-Format, umfasst 95 Seiten und 89 meist farbige Abbildungen. Im Besonderen ausgewertet sind darin die wiederentdeckten teils aquarellierten Pl\u00e4ne des B\u00fcros Leins von 1863, einmal mit einer Bauaufnahme der Vorg\u00e4ngerkirche und zum anderen mit der damaligen Umbauplanung. Die Pl\u00e4ne sind in der Ver\u00f6ffentlichung jeweils seitenf\u00fcllend abgebildet.<\/span><\/p>\n<h5><span style=\"font-size: 14pt;\"><strong><span style=\"color: #000000;\">95 Seiten, 86 meist farbige Abbildungen,\u00a015 Euro<\/span><\/strong><\/span><\/h5>\n<p>&nbsp;<\/p>\n<p><strong><span style=\"font-size: 16pt;\"><span style=\"color: #333333;\">In Hoffeld auch erh\u00e4ltlich bei<\/span> <span style=\"color: #0000ff;\">Papier und Schreibwaren Rapp,\u00a0<span style=\"color: #333333;\">Hoffeldstr. 215, Tel. 0711 \/ 72\u00a0 49 46<\/span><\/span><\/span><\/strong><\/p>\n<p>______________________________________________________________________________________________<\/p>\n<h1><span style=\"font-size: 18pt; color: #0000ff; font-family: 'trebuchet ms', geneva, sans-serif;\"><strong>Die Stuttgarter Weinsteige: \u00fcber 700 Jahre Geschichte<br \/>\nvon Ulrich Sch\u00fclke und Norma M\u00fcller<\/strong><\/span><\/h1>\n<p><span style=\"font-size: 18pt; font-family: 'trebuchet ms', geneva, sans-serif; color: #000000;\"><strong>Preis: 14,80 Euro<\/strong><\/span><\/p>\n<h1><span style=\"font-size: 14pt; color: #800000;\"><img loading=\"lazy\" decoding=\"async\" class=\" wp-image-941 alignleft\" src=\"https:\/\/geschichtswerkstatt-degerloch.de\/wp-content\/uploads\/2022\/09\/Werbung_Bild-598x1024.jpg\" alt=\"\" width=\"275\" height=\"471\" srcset=\"https:\/\/geschichtswerkstatt-degerloch.de\/wp-content\/uploads\/2022\/09\/Werbung_Bild-598x1024.jpg 598w, https:\/\/geschichtswerkstatt-degerloch.de\/wp-content\/uploads\/2022\/09\/Werbung_Bild-175x300.jpg 175w, https:\/\/geschichtswerkstatt-degerloch.de\/wp-content\/uploads\/2022\/09\/Werbung_Bild-768x1314.jpg 768w, https:\/\/geschichtswerkstatt-degerloch.de\/wp-content\/uploads\/2022\/09\/Werbung_Bild-897x1536.jpg 897w, https:\/\/geschichtswerkstatt-degerloch.de\/wp-content\/uploads\/2022\/09\/Werbung_Bild-1197x2048.jpg 1197w, https:\/\/geschichtswerkstatt-degerloch.de\/wp-content\/uploads\/2022\/09\/Werbung_Bild-scaled.jpg 1496w\" sizes=\"auto, (max-width: 275px) 100vw, 275px\" \/><\/span><\/h1>\n<p><span style=\"color: #000000;\"><span style=\"font-size: 14pt;\">Dr. Ulrich Sch\u00fclke hat sich seit Jahrzehnten mit der Geschichte der verschiedenen Weinsteigen \u2013 d. h. mit den unterschiedlichen Wegf\u00fchrungen \u00fcber die Jahrhunderte \u2013 besch\u00e4ftigt. Frau Norma M\u00fcller, die mit ihm bereits beim Projekt <em>\u201eDegerloch wird <\/em><\/span><span style=\"font-size: 14pt;\"><em>Pfarrdorf\u201c<\/em><\/span><span style=\"font-size: 14pt;\"> zusammengearbeitet hatte, hat ihre Erfahrungen aus der Geschichtswerkstatt eingebracht.<\/span><\/span><\/p>\n<p><span style=\"font-size: 14pt; color: #000000;\">Die auf Karten, Akten und Bildern basierenden Forschungsergebnisse der beiden werden nun von der Geschichtswerkstatt in einem reich bebilderten Band pr\u00e4sentiert. Das Werk h\u00e4lt auch f\u00fcr Ortskundige noch \u00dcberraschungen bereit und ist eine unentbehrliche Quelle f\u00fcr alle Geschichtsinteressierten \u201eob und unter der Steig\u201c<span style=\"font-family: inherit;\">.<\/span><\/span><\/p>\n<p>&nbsp;<\/p>\n<p>______________________________________________________________________________________________<\/p>\n<p><span style=\"color: #0000ff; font-family: 'trebuchet ms', geneva, sans-serif;\"><strong><span style=\"font-size: 18pt;\">Der Alte Friedhof Degerloch: eine Chronik<\/span><\/strong><\/span><\/p>\n<p><span style=\"color: #0000ff; font-family: 'trebuchet ms', geneva, sans-serif;\"><strong><span style=\"font-size: 18pt;\">von G\u00fcnter Kurz<\/span><\/strong><\/span><\/p>\n<p><span style=\"color: #000000; font-size: 18pt; font-family: 'trebuchet ms', geneva, sans-serif;\"><strong>Preis: 14,80 Euro<\/strong><\/span><\/p>\n<p><img loading=\"lazy\" decoding=\"async\" class=\"wp-image-1210 alignleft\" src=\"https:\/\/geschichtswerkstatt-degerloch.de\/wp-content\/uploads\/2023\/03\/ADF-197x300.jpg\" alt=\"\" width=\"301\" height=\"459\" srcset=\"https:\/\/geschichtswerkstatt-degerloch.de\/wp-content\/uploads\/2023\/03\/ADF-197x300.jpg 197w, https:\/\/geschichtswerkstatt-degerloch.de\/wp-content\/uploads\/2023\/03\/ADF.jpg 384w\" sizes=\"auto, (max-width: 301px) 100vw, 301px\" \/><\/p>\n<p><span style=\"color: #000000; font-size: 14pt;\">Das von G\u00fcnther Kurz sorgsam recherchierte Buch behandelt die Geschichte des Alten Friedhofs Degerloch an der Jahnstra\u00dfe. Es verkn\u00fcpft dessen Baugeschichte mit Lebensbildern von dort beerdigten Degerlochern aus dem 19. und 20. Jahrhundert. <\/span><span style=\"color: #000000; font-size: 14pt;\">Mit seinen vielen Abbildungen ist dieses Buch eine Fundgrube f\u00fcr jede(n) ortsgeschichtlich interessierte(n) Leser(in).\u00a0<\/span><\/p>\n<p><a href=\"https:\/\/doi.org\/10.53458\/36wrgp07\">Digitale Ausgabe auf regiopen frei zug\u00e4nglich.<\/a><\/p>\n<p>______________________________________________________________________________________________<\/p>\n<p><span style=\"color: #0000ff; font-family: trebuchet ms, geneva, sans-serif;\"><strong><span style=\"font-size: 18pt;\">Degerloch wird Pfarrdorf<\/span><\/strong><\/span><\/p>\n<p><span style=\"color: #0000ff; font-family: trebuchet ms, geneva, sans-serif;\"><strong><span style=\"font-size: 18pt;\">von Ulrich Sch\u00fclke<\/span><\/strong><\/span><\/p>\n<p><span style=\"color: #000000; font-size: 18pt; font-family: 'trebuchet ms', geneva, sans-serif;\"><strong>Preis: 9,80 Euro<\/strong><\/span><\/p>\n<p><img loading=\"lazy\" decoding=\"async\" class=\"wp-image-479 alignleft\" src=\"https:\/\/geschichtswerkstatt-degerloch.de\/wp-content\/uploads\/2019\/12\/Pfarrdorf_1-203x300.jpg\" alt=\"\" width=\"232\" height=\"342\" srcset=\"https:\/\/geschichtswerkstatt-degerloch.de\/wp-content\/uploads\/2019\/12\/Pfarrdorf_1-203x300.jpg 203w, https:\/\/geschichtswerkstatt-degerloch.de\/wp-content\/uploads\/2019\/12\/Pfarrdorf_1.jpg 503w\" sizes=\"auto, (max-width: 232px) 100vw, 232px\" \/><\/p>\n<p><span style=\"font-size: 14pt; color: #000000;\">Der f\u00fcr Geschichtsinteressierte unentbehrliche Festvortrag von Dr. Ulrich Sch\u00fclke zum 550j\u00e4hrigen Bestehen der Pfarrgemeinde Degerloch liegt nun erg\u00e4nzt und reich bebildert als Brosch\u00fcre vor. Anschaulich werden die interessanten politischen Zusammenh\u00e4nge zwischen dem &#8222;St\u00e4dtekrieg&#8220; auf den Fildern im 15. Jhd. und dem unerm\u00fcdlichen Einsatz Graf Ulrich V. f\u00fcr eine von M\u00f6hringen unabh\u00e4ngige Pfarrgemeinde Degerloch erl\u00e4utert.<\/span><\/p>\n<p>______________________________________________________________________________________________<\/p>\n<p><span style=\"color: #0000ff; font-size: 18pt; font-family: trebuchet ms, geneva, sans-serif;\"><strong>100 Jahre Falterau<\/strong><\/span><\/p>\n<p><span style=\"color: #0000ff; font-size: 18pt; font-family: trebuchet ms, geneva, sans-serif;\"><strong>hrsg. von Francois Therrien<\/strong><\/span><\/p>\n<p><span style=\"color: #0000ff; font-size: 18pt; font-family: trebuchet ms, geneva, sans-serif;\"><strong><span style=\"color: #800000;\">Ausverkauft!<\/span><\/strong><\/span><\/p>\n<p><img loading=\"lazy\" decoding=\"async\" class=\"size-full wp-image-168 alignleft\" src=\"https:\/\/geschichtswerkstatt-degerloch.de\/wp-content\/uploads\/2018\/12\/100_Falterau_klein.jpg\" alt=\"\" width=\"217\" height=\"220\" \/><\/p>\n<p><span style=\"font-size: 14pt; color: #000000;\">Die Falterausiedlung feierte 2011 ihr 100-j\u00e4hriges Gr\u00fcndungsjubil\u00e4um. Es wurde ein &#8222;Historischer Pfad&#8220; durch die Falterau erstellt und am 15.10.2011 fand eine Hocketse statt. F\u00fcr den Historischen Pfad hatten die Bewohner der Falterau in Kellern, Ordnern, Schubladen und Fotoalben nach alten Unterlagen gesucht. Auf einer Vorlage mit dem eigens hierf\u00fcr erarbeiteten &#8222;Brunnenb\u00fcble-Logo&#8220; wurden diese Dokumente auf Tafeln vor den H\u00e4usern aufgestellt.<br \/>\n<\/span><\/p>\n<p><span style=\"font-size: 14pt; color: #000000;\">Die Bereitstellung dieser Materialien war Voraussetzung f\u00fcr das Gelingen des Buches. Es enth\u00e4lt auch zahlreiche Fotos sowie Presseberichte zum Jubil\u00e4um.<\/span><\/p>\n<p>______________________________________________________________________________________________<\/p>\n<p><span style=\"color: #0000ff; font-family: trebuchet ms, geneva, sans-serif; font-size: 18pt;\"><strong>Die Jagdfeste des Herzogs Carl Eugen im Degerlocher Ramsbachtal 1763 und 1764<\/strong><\/span><\/p>\n<p><span style=\"color: #0000ff; font-family: trebuchet ms, geneva, sans-serif; font-size: 18pt;\"><strong>von Albert Raff<\/strong><\/span><\/p>\n<p><span style=\"color: #000000; font-size: 18pt; font-family: 'trebuchet ms', geneva, sans-serif;\"><strong>Preis: 9,80 Euro<\/strong><\/span><\/p>\n<p><img loading=\"lazy\" decoding=\"async\" class=\"size-medium wp-image-173 alignleft\" src=\"https:\/\/geschichtswerkstatt-degerloch.de\/wp-content\/uploads\/2018\/12\/TB_Buch_Jagdfest-300x300.jpg\" alt=\"\" width=\"300\" height=\"300\" srcset=\"https:\/\/geschichtswerkstatt-degerloch.de\/wp-content\/uploads\/2018\/12\/TB_Buch_Jagdfest-300x300.jpg 300w, https:\/\/geschichtswerkstatt-degerloch.de\/wp-content\/uploads\/2018\/12\/TB_Buch_Jagdfest-150x150.jpg 150w, https:\/\/geschichtswerkstatt-degerloch.de\/wp-content\/uploads\/2018\/12\/TB_Buch_Jagdfest.jpg 508w\" sizes=\"auto, (max-width: 300px) 100vw, 300px\" \/><\/p>\n<p><span style=\"font-size: 14pt; color: #000000;\">Anhand bisher nicht ausgewerteter Quellen kann der Autor f\u00fcr beide Jahre ein herzogliches Jagdfest im &#8222;Hofthal&#8220; bei Degerloch belegen. Er gew\u00e4hrt uns interessante Einblicke in die vom Alltag des Volkes v\u00f6llig losgel\u00f6ste Welt eines absolutistischen F\u00fcrsten- hofes vor der franz\u00f6sischen Revolution. Die f\u00fcr das kurze Vergn\u00fcgen der Jagdgesellschaft n\u00f6tigen monatelangen Fronarbeiten der Bauern und deren k\u00fcmmerliche Entlohnung werden plastisch dargestellt. Das B\u00fcchlein enth\u00e4lt viele farbige Abbildungen.<\/span><\/p>\n<p>______________________________________________________________________________________________<\/p>\n<p><span style=\"font-family: trebuchet ms, geneva, sans-serif; font-size: 18pt;\"><strong><span style=\"color: #0000ff;\">Der Haigst: ein Spaziergang durch Geschichte und Gegenwart<\/span><\/strong><\/span><\/p>\n<p><span style=\"color: #0000ff; font-family: 'trebuchet ms', geneva, sans-serif; font-size: 18pt;\"><strong>von Stefan Clarenbach und Ulrich Sch\u00fclke<\/strong><\/span><\/p>\n<p><span style=\"color: #000000;\"><strong><span style=\"font-family: 'trebuchet ms', geneva, sans-serif; font-size: 18pt;\">Restexemplare: 15 Euro<\/span><\/strong><\/span><\/p>\n<p><img loading=\"lazy\" decoding=\"async\" class=\"size-medium wp-image-175 alignleft\" src=\"https:\/\/geschichtswerkstatt-degerloch.de\/wp-content\/uploads\/2018\/12\/TB_Buch_Haigst-300x286.jpg\" alt=\"\" width=\"300\" height=\"286\" srcset=\"https:\/\/geschichtswerkstatt-degerloch.de\/wp-content\/uploads\/2018\/12\/TB_Buch_Haigst-300x286.jpg 300w, https:\/\/geschichtswerkstatt-degerloch.de\/wp-content\/uploads\/2018\/12\/TB_Buch_Haigst.jpg 464w\" sizes=\"auto, (max-width: 300px) 100vw, 300px\" \/><\/p>\n<p><span style=\"font-size: 14pt; color: #000000;\">Die beiden Haigst-B\u00fcrger Stefan Clarenbach und Ulrich Sch\u00fclke haben nicht nur flei\u00dfig in der Geschichte gekramt, sondern auch viele kleine Geschichten und Wissenswertes vor dem Vergessen bewahrt. Das Buch liest man am besten auf einem Aussichtsb\u00e4nkle am Haigst, und sucht dann selbst nach den oft nicht auf den ersten Blick sichtbaren &#8218;Sch\u00e4tzen&#8216;.<\/span><\/p>\n<p>______________________________________________________________________________________________<\/p>\n<p><span style=\"font-size: 18pt; font-family: trebuchet ms, geneva, sans-serif;\"><strong><span style=\"color: #0000ff;\">Degerloch, Deine Autoren: Portr\u00e4ts und Kostproben aus zwei Jahrhunderten<\/span><\/strong><\/span><\/p>\n<p><span style=\"font-size: 18pt; font-family: trebuchet ms, geneva, sans-serif;\"><strong><span style=\"color: #0000ff;\">von Ingeborg Petzold<\/span><\/strong><\/span><\/p>\n<p><span style=\"color: #000000;\"><strong><span style=\"font-size: 18pt; font-family: 'trebuchet ms', geneva, sans-serif;\">Preis: 8 Euro<\/span><\/strong><\/span><\/p>\n<p><span style=\"color: #000000;\"><img loading=\"lazy\" decoding=\"async\" class=\"size-medium wp-image-177 alignleft\" src=\"https:\/\/geschichtswerkstatt-degerloch.de\/wp-content\/uploads\/2018\/12\/TB_Buch_Autoren-207x300.jpg\" alt=\"\" width=\"207\" height=\"300\" srcset=\"https:\/\/geschichtswerkstatt-degerloch.de\/wp-content\/uploads\/2018\/12\/TB_Buch_Autoren-207x300.jpg 207w, https:\/\/geschichtswerkstatt-degerloch.de\/wp-content\/uploads\/2018\/12\/TB_Buch_Autoren.jpg 329w\" sizes=\"auto, (max-width: 207px) 100vw, 207px\" \/><\/span><\/p>\n<p><span style=\"font-size: 14pt; color: #000000;\">Die Verfasserin hat mit gro\u00dfem Forschergeist viele bekannte und weniger bekannte Autoren aufgesp\u00fcrt, die in Degerloch gelebt oder \u00fcber Degerloch geschrieben haben. Das kleine, feine B\u00fcchlein stellt ein ganz besonderes Zeugnis der Stadtteilgeschichte dar.<\/span><\/p>\n","protected":false},"excerpt":{"rendered":"<p>1 1. Historisches Degerlocher Filmmaterial\u00a0 03.03.2015 Degerlocher Filmabend &#8222;So war\u00b4s in Degerloch&#8220; 23.01.2016 Degerlocher Filmabend &#8222;So war\u00b4s in Degerloch&#8220; 21.01.2017 Degerlocher Filmabend &#8222;Raff\u00b4sche Sch\u00e4tze&#8220; 03.02.2018 Degerlocher Filmabend &#8222;So war\u00b4s in Degerloch&#8220; A 2. Vortr\u00e4ge, F\u00fchrungen&#8230; =&gt; Degerloch TV auf youtube B 3. Buchver\u00f6ffentlichungen Erh\u00e4ltlich zu den \u00d6ffnungszeiten in der Geschichtswerkstatt Versand (zzgl. Porto) \u00fcber Antiquariat Heinzelm\u00e4nnchen,\u00a0Tel. 0711\u00a0 76 513 82, Mail: heinzelmannbuch@t-online.de ______________________________________________________________________________________________ N E U E R S C&hellip;<\/p>\n","protected":false},"author":1,"featured_media":0,"parent":0,"menu_order":0,"comment_status":"closed","ping_status":"closed","template":"","meta":{"footnotes":""},"class_list":["post-154","page","type-page","status-publish","hentry","no-post-thumbnail"],"_links":{"self":[{"href":"https:\/\/geschichtswerkstatt-degerloch.de\/aktuelles\/wp-json\/wp\/v2\/pages\/154","targetHints":{"allow":["GET"]}}],"collection":[{"href":"https:\/\/geschichtswerkstatt-degerloch.de\/aktuelles\/wp-json\/wp\/v2\/pages"}],"about":[{"href":"https:\/\/geschichtswerkstatt-degerloch.de\/aktuelles\/wp-json\/wp\/v2\/types\/page"}],"author":[{"embeddable":true,"href":"https:\/\/geschichtswerkstatt-degerloch.de\/aktuelles\/wp-json\/wp\/v2\/users\/1"}],"replies":[{"embeddable":true,"href":"https:\/\/geschichtswerkstatt-degerloch.de\/aktuelles\/wp-json\/wp\/v2\/comments?post=154"}],"version-history":[{"count":77,"href":"https:\/\/geschichtswerkstatt-degerloch.de\/aktuelles\/wp-json\/wp\/v2\/pages\/154\/revisions"}],"predecessor-version":[{"id":2011,"href":"https:\/\/geschichtswerkstatt-degerloch.de\/aktuelles\/wp-json\/wp\/v2\/pages\/154\/revisions\/2011"}],"wp:attachment":[{"href":"https:\/\/geschichtswerkstatt-degerloch.de\/aktuelles\/wp-json\/wp\/v2\/media?parent=154"}],"curies":[{"name":"wp","href":"https:\/\/api.w.org\/{rel}","templated":true}]}}